{"id":48,"date":"2017-07-08T16:46:07","date_gmt":"2017-07-08T14:46:07","guid":{"rendered":"http:\/\/hv-aue.de\/hv\/?page_id=48"},"modified":"2026-04-26T09:19:34","modified_gmt":"2026-04-26T07:19:34","slug":"termine","status":"publish","type":"page","link":"https:\/\/hv-aue.de\/hv\/termine\/","title":{"rendered":"Termine"},"content":{"rendered":"<h2><span style=\"color: #008000; font-family: georgia, palatino, serif;\"><strong><em>Unser n\u00e4chster Termin<\/em><\/strong><\/span><\/h2>\n<table style=\"width: 100%; height: 159px;\">\n<tbody>\n<tr style=\"height: 159px;\">\n<td style=\"width: 24.0688%; height: 159px; vertical-align: top;\"><span style=\"font-size: 20px; color: #008000;\"><em><strong>Mittwoch 20.05.2026,<br \/>\nBeginn 19.00 Uhr<\/strong><\/em><\/span><\/td>\n<td style=\"width: 75.3582%; height: 159px;\">\n<p><span style=\"color: #008000;\"><em><strong><span style=\"font-size: 20px;\">Riechen \u2013 die Hotline der Gef\u00fchle<\/span><\/strong><\/em><\/span><\/p>\n<p><span style=\"font-size: 20px; color: #008000;\">Wie das Riechen unseren Alltag, unsere Gef\u00fchle<\/span><br \/>\n<span style=\"font-size: 20px; color: #008000;\">und Erinnerungen beeinflusst, erfahren Sie an<\/span><br \/>\n<span style=\"font-size: 20px; color: #008000;\">diesem Abend. Der Riechsinn entwickelt sich<\/span><br \/>\n<span style=\"font-size: 20px; color: #008000;\">schon sehr fr\u00fch im Mutterleib. Unser soziales<\/span><br \/>\n<span style=\"font-size: 20px; color: #008000;\">Verhalten , unsere Kommunikation wird sehr<\/span><br \/>\n<span style=\"font-size: 20px; color: #008000;\">stark durch unsere Nase bestimmt.<\/span><br \/>\n<span style=\"font-size: 20px; color: #008000;\">Wie wir mit sch\u00f6nen D\u00fcften unser Leben leichter<\/span><br \/>\n<span style=\"font-size: 20px; color: #008000;\">gestalten k\u00f6nnen, lernen Sie an diesem Abend.<\/span><\/p>\n<p><span style=\"font-size: 20px; color: #008000;\">Referentin: <em><strong>Dorothea Hamm, Apothekerin<\/strong><\/em><\/span><\/p>\n<p><\/p>\n<p><span style=\"font-size: 20px; color: #000080;\"><a style=\"color: #000080;\" href=\"#kosten\">Veranstaltungsort<\/a><\/span><\/p>\n<\/td>\n<\/tr>\n<\/tbody>\n<\/table>\n<hr \/>\n<table style=\"width: 100%;\">\n<tbody>\n<tr>\n<td style=\"width: 24.212%;\"><span style=\"font-size: 32px;\"><strong><em>Termine 2026<\/em><\/strong><\/span><\/td>\n<td style=\"width: 75.2149%;\">\n<p><span style=\"font-size: 20px;\"><em><strong>Unser Programm f\u00fcr 2026 k\u00f6nnen Sie hier als\u00a0 <a href=\"https:\/\/hv-aue.de\/hv\/wp-content\/uploads\/2026\/01\/Programm2026.pdf\" target=\"_blank\" rel=\"noopener\"><img loading=\"lazy\" decoding=\"async\" class=\"alignnone\" src=\"https:\/\/hv-aue.de\/hv\/wp-content\/uploads\/2025\/02\/pdf.png\" alt=\"\" width=\"37\" height=\"46\" \/><\/a>\u00a0 <a href=\"https:\/\/hv-aue.de\/hv\/wp-content\/uploads\/2026\/01\/Programm2026.pdf\" target=\"_blank\" rel=\"noopener\">herunterladen<\/a>.<\/strong><\/em><\/span><\/p>\n<\/td>\n<\/tr>\n<tr>\n<td colspan=\"2\">\n<hr \/>\n<\/td>\n<\/tr>\n<tr>\n<td style=\"width: 24.212%; vertical-align: top;\"><span style=\"font-size: 20px;\"><strong>Mittwoch 14.01.2026,<br \/>\nBeginn 19.00 Uhr<\/strong><\/span><\/td>\n<td style=\"width: 75.2149%; vertical-align: top;\">\n<p><span style=\"font-size: 20px;\"><em><strong>Die Nebenwirkungen von Medikamenten<br \/>\n<\/strong><\/em><br \/>\n<\/span><span style=\"font-size: 20px;\">Betrachtung von Inhaltsstoffen und deren<\/span><br \/>\n<span style=\"font-size: 20px;\">m\u00f6gliche Auswirkungen auf den K\u00f6rper bei<\/span><br \/>\n<span style=\"font-size: 20px;\">Einnahme von einzelnen oder gleichzeitig<\/span><br \/>\n<span style=\"font-size: 20px;\">mehreren Medikamenten.<\/span><br \/>\n<span style=\"font-size: 20px;\">Es wird auf m\u00f6gliche Alternativen von g\u00e4ngigen<\/span><br \/>\n<span style=\"font-size: 20px;\">Pr\u00e4paraten eingegangen.<\/span><br \/>\n<span style=\"font-size: 20px;\">Referentin: Rita Hilcher, Heilpraktikerin<\/p>\n<p><\/span><span style=\"font-size: 20px;\">Referentin: <em><strong>Rita Hilcher, <\/strong>Heilpraktikerin<\/em><\/span><\/p>\n<\/td>\n<\/tr>\n<tr>\n<td colspan=\"2\">\n<hr \/>\n<\/td>\n<\/tr>\n<tr>\n<td style=\"width: 24.212%; vertical-align: top;\"><span style=\"font-size: 20px;\"><em><strong>Mittwoch 11.02.2026,<br \/>\nBeginn 19.00 Uhr<\/strong><\/em><\/span><\/td>\n<td style=\"width: 75.2149%; vertical-align: top;\"><span style=\"font-size: 20px;\"><em><strong>Human Design<\/strong><\/em><\/span><\/p>\n<p><span style=\"font-size: 20px;\">Haben Sie sich jemals gefragt, warum manche<\/span><br \/>\n<span style=\"font-size: 20px;\">Dinge im Leben so m\u00fchelos scheinen und<\/span><br \/>\n<span style=\"font-size: 20px;\">andere nicht? Human Design ist wie eine<\/span><br \/>\n<span style=\"font-size: 20px;\">pers\u00f6nliche Gebrauchsanweisung f\u00fcr Ihr Leben.<\/span><br \/>\n<span style=\"font-size: 20px;\">In diesem Vortrag erfahren Sie wie Sie Ihre<\/span><br \/>\n<span style=\"font-size: 20px;\">einzigartige Komposition entschl\u00fcsseln, um<\/span><br \/>\n<span style=\"font-size: 20px;\">Entscheidungen zu treffen, die sich f\u00fcr Sie richtig<\/span><br \/>\n<span style=\"font-size: 20px;\">anf\u00fchlen. Ich lade Sie ein, den ersten Schritt zu<\/span><br \/>\n<span style=\"font-size: 20px;\">einem Leben in Klarheit und Authentizit\u00e4t zu<\/span><br \/>\n<span style=\"font-size: 20px;\">machen.<\/span><\/p>\n<p><span style=\"font-size: 20px;\">Referentin: <em><strong>Ariane Lessle<\/strong><\/em><\/span><\/td>\n<\/tr>\n<tr>\n<td colspan=\"2\">\n<hr \/>\n<\/td>\n<\/tr>\n<tr>\n<td style=\"width: 24.212%; vertical-align: top;\"><span style=\"font-size: 20px;\"><em><strong>Mittwoch 11.03.2026,<br \/>\nBeginn 19.00 Uhr<\/strong><\/em><\/span><\/td>\n<td style=\"width: 75.2149%; vertical-align: top;\">\n<p><em><strong><span style=\"font-size: 20px;\">Jahreshauptversammlung<\/span><\/strong><\/em><\/p>\n<p><em><span style=\"font-size: 20px;\">Mitglieder des Vereins erhalten ein separates Einladungsschreiben. Gern k\u00f6nnen aber auch G\u00e4ste zur Jahreshauptversammlung kommen. Anschlie\u00dfend gehen wir in ein Restaurant essen.<\/span><\/em><\/p>\n<\/td>\n<\/tr>\n<tr>\n<td colspan=\"2\">\n<hr \/>\n<\/td>\n<\/tr>\n<tr>\n<td style=\"width: 24.212%; vertical-align: top;\"><span style=\"font-size: 20px;\"><em><strong>Mittwoch, 15.04.2026, <br \/>\nBeginn 19.00 Uhr<\/strong><\/em><\/span><\/td>\n<td style=\"width: 75.2149%; vertical-align: top;\"><em><strong><span style=\"font-size: 20px;\">Qi Gong<br \/>\n<\/span><\/strong><\/em><br \/>\n<span style=\"font-size: 20px;\">Die traditionelle fern\u00f6stliche Lebens- und<\/span><br \/>\n<span style=\"font-size: 20px;\">\u00dcbungspraxis des Qigong Yangsheng basiert auf<\/span><br \/>\n<span style=\"font-size: 20px;\">den Konzepten der chinesischen Medizin TCM:<\/span><br \/>\n<span style=\"font-size: 20px;\">Sie erfahren mehr \u00fcber die Lebensenergie Qi,<\/span><br \/>\n<span style=\"font-size: 20px;\">den Begriff Yangsheng (Lebenspflege) sowie dar\u00fcber, wie die Ausgewogenheit der Polarit\u00e4ten<\/span><br \/>\n<span style=\"font-size: 20px;\">Yin und Yang beim Qigong ge\u00fcbt und somit<\/span><br \/>\n<span style=\"font-size: 20px;\">K\u00f6rper, Geist und Seele in Einklang gebracht<\/span><br \/>\n<span style=\"font-size: 20px;\">werden k\u00f6nnen.<br \/>\n<\/span><br \/>\n<span style=\"font-size: 20px;\">Referentin: <em><strong>Dipl.-Psych. Cornelia Marschall<\/strong><\/em><\/span><\/td>\n<\/tr>\n<tr>\n<td colspan=\"2\">\n<hr \/>\n<\/td>\n<\/tr>\n<tr>\n<td style=\"width: 24.212%; vertical-align: top;\"><span style=\"font-size: 20px;\"><em><strong>Mittwoch, 20.05.2026, <br \/>\nBeginn 19.00 Uhr<\/strong><\/em><\/span><\/td>\n<td style=\"width: 75.2149%; vertical-align: top;\">\n<p><em><strong><span style=\"font-size: 20px;\">Riechen \u2013 die Hotline der Gef\u00fchle<\/span><\/strong><\/em><\/p>\n<p><span style=\"font-size: 20px;\">Wie das Riechen unseren Alltag, unsere Gef\u00fchle<\/span><br \/>\n<span style=\"font-size: 20px;\">und Erinnerungen beeinflusst, erfahren Sie an<\/span><br \/>\n<span style=\"font-size: 20px;\">diesem Abend. Der Riechsinn entwickelt sich<\/span><br \/>\n<span style=\"font-size: 20px;\">schon sehr fr\u00fch im Mutterleib. Unser soziales<\/span><br \/>\n<span style=\"font-size: 20px;\">Verhalten , unsere Kommunikation wird sehr<\/span><br \/>\n<span style=\"font-size: 20px;\">stark durch unsere Nase bestimmt.<\/span><br \/>\n<span style=\"font-size: 20px;\">Wie wir mit sch\u00f6nen D\u00fcften unser Leben leichter<\/span><br \/>\n<span style=\"font-size: 20px;\">gestalten k\u00f6nnen, lernen Sie an diesem Abend.<\/p>\n<p><\/span><span style=\"font-size: 20px;\">Referentin: <em><strong>Dorothea Hamm<\/strong>, Apothekerin<\/em><\/span><\/p>\n<\/td>\n<\/tr>\n<tr>\n<td colspan=\"2\">\n<hr \/>\n<\/td>\n<\/tr>\n<tr>\n<td style=\"width: 24.212%; vertical-align: top;\"><span style=\"font-size: 20px;\"><em><strong>Mittwoch, 10.06.2026, <br \/>\nBeginn 19:00 Uhr<\/strong><\/em><\/span><\/td>\n<td style=\"width: 75.2149%; vertical-align: top;\">\n<p><em><strong><span style=\"font-size: 20px;\">Hormon-Yoga-Therapie \u2013 Balance f\u00fcr K\u00f6rper<\/span><\/strong><\/em><br \/>\n<em><strong><span style=\"font-size: 20px;\">und Seele<\/p>\n<p><\/span><\/strong><\/em><span style=\"font-size: 20px;\">Wenn die Hormone aus dem Gleichgewicht<\/span><br \/>\n<span style=\"font-size: 20px;\">geraten, sp\u00fcren wir das oft in Energie, Stimmung<\/span><br \/>\n<span style=\"font-size: 20px;\">und Wohlbefinden. Die Hormon-Yoga-Therapie<\/span><br \/>\n<span style=\"font-size: 20px;\">nach Dinah Rodrigues nutzt gezielte Bewegung<\/span><br \/>\n<span style=\"font-size: 20px;\">und bewusste Atmung, um das hormonelle<\/span><br \/>\n<span style=\"font-size: 20px;\">System zu unterst\u00fctzen. Erg\u00e4nzend erfahren<\/span><br \/>\n<span style=\"font-size: 20px;\">Sie, wie Stressabbau, Lebensstil und Ern\u00e4hrung<\/span><br \/>\n<span style=\"font-size: 20px;\">die Hormone positiv beeinflussen. Alles<\/span><br \/>\n<span style=\"font-size: 20px;\">zusammen ergibt einen ganzheitlichen Ansatz,<\/span><br \/>\n<span style=\"font-size: 20px;\">mit dem Frauen selbst aktiv etwas f\u00fcr ihr<\/span><br \/>\n<span style=\"font-size: 20px;\">hormonelles Gleichgewicht tun k\u00f6nnen.<\/span><\/p>\n<p><span style=\"font-size: 20px;\">Referentin: <em><strong>Gabriele Hogeforster<\/strong><\/em>, zertifizierte<\/span><br \/>\n<span style=\"font-size: 20px;\">Hormon-Yoga-Therapeutin und Yogalehrerin<\/span><\/p>\n<\/td>\n<\/tr>\n<tr>\n<td colspan=\"2\">\n<hr \/>\n<\/td>\n<\/tr>\n<tr>\n<td style=\"width: 24.212%; vertical-align: top;\"><span style=\"font-size: 20px;\"><em><strong>Mittwoch, 16.09.2026, <br \/>\nBeginn 19.00 Uhr<\/strong><\/em><\/span><\/td>\n<td style=\"width: 75.2149%; vertical-align: top;\">\n<p><em><strong><span style=\"font-size: 20px;\">Jin Shin Jyutsu &#8211; Harmonisierungskunst<\/span><\/strong><\/em><\/p>\n<p><span style=\"font-size: 20px;\">Das Jin Shin Jyutsu ist eine Physio-Philosophie<\/span><br \/>\n<span style=\"font-size: 20px;\">aus Japan zur Harmonisierung der Lebens-<\/span><br \/>\n<span style=\"font-size: 20px;\">energie. Diese Methode bzw. Kunst ist einfach<\/span><br \/>\n<span style=\"font-size: 20px;\">zu lernen und anzuwenden. Die einfachsten<\/span><br \/>\n<span style=\"font-size: 20px;\">Selbsthilfe\u00fcbungen sind das \u201eFingerstr\u00f6men\u201c.<\/span><br \/>\n<span style=\"font-size: 20px;\">Hierbei werden gestaute Energien der<\/span><br \/>\n<span style=\"font-size: 20px;\">entsprechenden Organe in Fluss gebracht. K\u00f6r-<\/span><br \/>\n<span style=\"font-size: 20px;\">perliche Beschwerden, psychische Spannungen<\/span><br \/>\n<span style=\"font-size: 20px;\">und Stress werden auf sanfte Weise harmonisiert<\/span><br \/>\n<span style=\"font-size: 20px;\">und das Immunsystem wird gest\u00e4rkt.<\/p>\n<p><\/span><span style=\"font-size: 20px;\">Referentin: <em><strong>Ingrid Grunert-G\u00f6rgler,<\/strong> Jin Shin<\/em><\/span><br \/>\n<em><span style=\"font-size: 20px;\">Jyutsu-Praktikerin, Heilpraktikerin, Ergotherapeutin<\/span><\/em><\/p>\n<\/td>\n<\/tr>\n<tr>\n<td colspan=\"2\">\n<hr \/>\n<\/td>\n<\/tr>\n<tr>\n<td style=\"width: 24.212%; vertical-align: top;\"><span style=\"font-size: 20px;\"><em><strong>Mittwoch, 14.10.2026, <br \/>\nBeginn 19.00 Uhr\u00a0<\/strong><\/em><\/span><\/td>\n<td style=\"width: 75.2149%; vertical-align: top;\"><em><strong><span style=\"font-size: 20px;\">Resilienz &#8211; stark bleiben in Krisen<\/span><\/strong><\/em><\/p>\n<p><span style=\"font-size: 20px;\">Als &#8218;Resilienz&#8216; bezeichnet man die F\u00e4higkeit,<\/span><br \/>\n<span style=\"font-size: 20px;\">Krisen (pers\u00f6nliche oder globale) aus eigener<\/span><br \/>\n<span style=\"font-size: 20px;\">Kraft zu meistern. Sie lernen die &#8222;Sieben S\u00e4ulen<\/span><br \/>\n<span style=\"font-size: 20px;\">der Resilienz&#8220; kennen und erfahren, welche<\/span><br \/>\n<span style=\"font-size: 20px;\">M\u00f6glichkeiten Sie haben, gelassener durch<\/span><br \/>\n<span style=\"font-size: 20px;\">schwierige Situationen zu gehen. Neben<\/span><br \/>\n<span style=\"font-size: 20px;\">psychologischen Themen werden auch<\/span><br \/>\n<span style=\"font-size: 20px;\">praktische \u00dcbungen behandelt, die Sie ganz<\/span><br \/>\n<span style=\"font-size: 20px;\">konkret und schnell in Ihren Alltag integrieren<\/span><br \/>\n<span style=\"font-size: 20px;\">k\u00f6nnen.<\/span><\/p>\n<p><span style=\"font-size: 20px;\">Referentin: <em><strong>Susanne Ziegelmeyer<\/strong><\/em><\/span><\/td>\n<\/tr>\n<tr>\n<td colspan=\"2\">\n<hr \/>\n<\/td>\n<\/tr>\n<tr>\n<td style=\"width: 24.212%; vertical-align: top;\">\n<p><span style=\"font-size: 20px;\"><em><strong>Mittwoch, 11.11.2026, <br \/>\nBeginn <\/strong><\/em><\/span><span style=\"font-size: 20px;\"><em><strong>19.00 Uhr<\/strong><\/em><\/span><\/p>\n<\/td>\n<td style=\"width: 75.2149%; vertical-align: top;\"><em><strong><span style=\"font-size: 20px;\">Schamanische Wege und Trauerbegleitung<\/span><\/strong><\/em><\/p>\n<p><span style=\"font-size: 20px;\">Schamanismus ist eine Sammlung spiritueller<\/span><br \/>\n<span style=\"font-size: 20px;\">Praktiken, bei denen durch Rituale, Gesang oder<\/span><br \/>\n<span style=\"font-size: 20px;\">Trommeln Rat und Heilung gesucht wird.<\/span><br \/>\n<span style=\"font-size: 20px;\">Die Verbindung mit der Natur steht im<\/span><br \/>\n<span style=\"font-size: 20px;\">Vordergrund. Sie erfahren auch, wie er zur<\/span><br \/>\n<span style=\"font-size: 20px;\">Trauerbegleitung eingesetzt werden kann.<\/span><br \/>\n<span style=\"font-size: 20px;\">Eine gef\u00fchrte Meditation mit einer Trommel ist<\/span><br \/>\n<span style=\"font-size: 20px;\">Teil des Vortrags.<\/span><\/p>\n<p><span style=\"font-size: 20px;\">Referent: <em><strong>Michael Thoma<\/strong>, Lebensberatung<\/em><\/span><\/td>\n<\/tr>\n<\/tbody>\n<\/table>\n<p>&nbsp;<\/p>\n<p><strong><a name=\"kosten\"><\/a><\/strong><\/p>\n<table style=\"height: 214px; width: 100%; border-collapse: collapse; background-color: #e3e6e1;\">\n<tbody>\n<tr style=\"height: 120px;\">\n<td style=\"width: 100%; height: 120px;\"><strong><span style=\"font-size: 20px;\">Kosten f\u00fcr die Vortr\u00e4ge<\/span><\/strong><\/p>\n<ul>\n<li><span style=\"font-size: 20px;\">G\u00e4ste EUR 5,00<\/span><\/li>\n<li><span style=\"font-size: 20px;\">Mitglieder frei<\/span><\/li>\n<li><span style=\"font-size: 20px;\">Eine Anmeldung zum Vortrag ist nicht erforderlich.<\/span><\/li>\n<\/ul>\n<\/td>\n<\/tr>\n<tr style=\"height: 94px;\">\n<td style=\"width: 100%; height: 94px;\">\n<p><span style=\"font-size: 20px;\"><strong>Veranstaltungsort<\/strong><\/span><\/p>\n<p style=\"padding-left: 40px;\"><span style=\"font-size: 20px;\">Trinitatisgemeinde in Durlach Aue<\/span><br \/>\n<span style=\"font-size: 20px;\">Br\u00fchlstra\u00dfe 37 d<\/span><br \/>\n<span style=\"font-size: 20px;\">76227 Karlsruhe-Durlach-Aue<\/span><\/p>\n<\/td>\n<\/tr>\n<\/tbody>\n<\/table>\n<p>&nbsp;<\/p>\n","protected":false},"excerpt":{"rendered":"<p>Unser n\u00e4chster Termin Mittwoch 20.05.2026, Beginn 19.00 Uhr Riechen \u2013 die Hotline der Gef\u00fchle Wie das Riechen unseren Alltag, unsere Gef\u00fchle und Erinnerungen beeinflusst, erfahren Sie an diesem Abend. Der Riechsinn entwickelt sich schon sehr fr\u00fch im Mutterleib. Unser soziales Verhalten , unsere Kommunikation wird sehr stark durch unsere Nase bestimmt. Wie wir mit sch\u00f6nen [&hellip;]<\/p>\n","protected":false},"author":1,"featured_media":0,"parent":0,"menu_order":0,"comment_status":"closed","ping_status":"closed","template":"","meta":{"footnotes":""},"class_list":["post-48","page","type-page","status-publish"],"_links":{"self":[{"href":"https:\/\/hv-aue.de\/hv\/wp-json\/wp\/v2\/pages\/48","targetHints":{"allow":["GET"]}}],"collection":[{"href":"https:\/\/hv-aue.de\/hv\/wp-json\/wp\/v2\/pages"}],"about":[{"href":"https:\/\/hv-aue.de\/hv\/wp-json\/wp\/v2\/types\/page"}],"author":[{"embeddable":true,"href":"https:\/\/hv-aue.de\/hv\/wp-json\/wp\/v2\/users\/1"}],"replies":[{"embeddable":true,"href":"https:\/\/hv-aue.de\/hv\/wp-json\/wp\/v2\/comments?post=48"}],"version-history":[{"count":163,"href":"https:\/\/hv-aue.de\/hv\/wp-json\/wp\/v2\/pages\/48\/revisions"}],"predecessor-version":[{"id":832,"href":"https:\/\/hv-aue.de\/hv\/wp-json\/wp\/v2\/pages\/48\/revisions\/832"}],"wp:attachment":[{"href":"https:\/\/hv-aue.de\/hv\/wp-json\/wp\/v2\/media?parent=48"}],"curies":[{"name":"wp","href":"https:\/\/api.w.org\/{rel}","templated":true}]}}